{"id":4606,"date":"2020-08-20T09:15:44","date_gmt":"2020-08-20T07:15:44","guid":{"rendered":"https:\/\/www.livoni.it\/designer\/mauro-fadel\/"},"modified":"2023-12-05T10:49:51","modified_gmt":"2023-12-05T09:49:51","slug":"mauro-fadel","status":"publish","type":"designer","link":"https:\/\/www.livoni.it\/fr\/designers\/mauro-fadel\/","title":{"rendered":"Mauro Fadel"},"content":{"rendered":"\n<p>Mauro Fadel na\u00eet en Suisse (1963 \u2013 San Gallen), il r\u00e9side et travaille aujourd&rsquo;hui \u00e0 Oderzo (TV). S\u2019occupe principalement d\u2019architecture d\u2019int\u00e9rieur et de design industriel, en obtenant de nombreux prix et r\u00e9compenses nationaux et internationaux pour le design. <\/p>\n\n\n<p class=\"p1\"><span class=\"s1\">Il d\u00e9bute sa carri\u00e8re d\u2019architecte et designer en travaillant avec de nombreuses et importantes entreprises de V\u00e9n\u00e9tie, du Frioul et de Milan, nombreuses li\u00e9es au monde de la chaise, du meuble et du rembourrage. Une rencontre de cr\u00e9ativit\u00e9 et de rationalit\u00e9 qui a toujours impliqu\u00e9 et distingu\u00e9 sa fa\u00e7on de penser, d\u2019agir et de r\u00e9aliser concr\u00e8tement ses projets li\u00e9s au design.<\/span><\/p>\n\n\n<p><span class=\"s1\">Chaque r\u00e9alisation fait suite en effet \u00e0 une pr\u00e9cise \u00e9tude de l\u2019ergonomie des formes, refl\u00e9tant non seulement les exigences productives des entreprises, mais avec, dans chaque r\u00e9alisation, un fond bien \u00e9vident: l\u2019attention port\u00e9e au d\u00e9tail et l\u2019\u00e9tude de chaque action cr\u00e9ative, un parcours qui part de l\u2019\u00e9bauche formelle, jusqu\u2019\u00e0 la r\u00e9alisation d\u2019un prototype.<\/span><\/p>\n","protected":false},"featured_media":11163,"template":"","class_list":["post-4606","designer","type-designer","status-publish","has-post-thumbnail","hentry"],"acf":[],"_links":{"self":[{"href":"https:\/\/www.livoni.it\/fr\/wp-json\/wp\/v2\/designer\/4606","targetHints":{"allow":["GET"]}}],"collection":[{"href":"https:\/\/www.livoni.it\/fr\/wp-json\/wp\/v2\/designer"}],"about":[{"href":"https:\/\/www.livoni.it\/fr\/wp-json\/wp\/v2\/types\/designer"}],"wp:featuredmedia":[{"embeddable":true,"href":"https:\/\/www.livoni.it\/fr\/wp-json\/wp\/v2\/media\/11163"}],"wp:attachment":[{"href":"https:\/\/www.livoni.it\/fr\/wp-json\/wp\/v2\/media?parent=4606"}],"curies":[{"name":"wp","href":"https:\/\/api.w.org\/{rel}","templated":true}]}}